{"id":543,"date":"2013-03-29T14:34:36","date_gmt":"2013-03-29T13:34:36","guid":{"rendered":"http:\/\/www.enviroscop.fr\/actu\/?page_id=543"},"modified":"2026-03-26T14:06:06","modified_gmt":"2026-03-26T13:06:06","slug":"nos-metiers","status":"publish","type":"page","link":"https:\/\/www.enviroscop.fr\/actu\/nos-metiers\/","title":{"rendered":"Nos m\u00e9tiers"},"content":{"rendered":"","protected":false},"excerpt":{"rendered":"","protected":false},"author":1,"featured_media":0,"parent":0,"menu_order":2,"comment_status":"closed","ping_status":"closed","template":"template-twocolumnsleft.php","meta":{"jetpack_post_was_ever_published":false,"footnotes":""},"class_list":["post-543","page","type-page","status-publish","hentry","nodate","item-wrap"],"jetpack_shortlink":"https:\/\/wp.me\/P3rXAp-8L","jetpack_likes_enabled":true,"jetpack-related-posts":[{"id":547,"url":"https:\/\/www.enviroscop.fr\/actu\/nos-metiers\/nos-territoires\/","url_meta":{"origin":543,"position":0},"title":"Nos territoires d&rsquo;intervention","author":"Enviroscop","date":"29 mars 2013","format":false,"excerpt":"Nos agences nous permettent d'intervenir sur tout le territoire m\u00e9tropolitain, avec une pr\u00e9dilection pour le grand quart nord-ouest de la France : du r\u00e9gional, intercommunal au local, de la d\u00e9marche de planification au projet op\u00e9rationnel.","rel":"","context":"Article similaire","block_context":{"text":"Article similaire","link":""},"img":{"alt_text":"","src":"https:\/\/i0.wp.com\/www.enviroscop.fr\/actu\/wp-content\/uploads\/2026\/03\/carte.png?resize=350%2C200&ssl=1","width":350,"height":200,"srcset":"https:\/\/i0.wp.com\/www.enviroscop.fr\/actu\/wp-content\/uploads\/2026\/03\/carte.png?resize=350%2C200&ssl=1 1x, https:\/\/i0.wp.com\/www.enviroscop.fr\/actu\/wp-content\/uploads\/2026\/03\/carte.png?resize=525%2C300&ssl=1 1.5x, https:\/\/i0.wp.com\/www.enviroscop.fr\/actu\/wp-content\/uploads\/2026\/03\/carte.png?resize=700%2C400&ssl=1 2x"},"classes":[]},{"id":555,"url":"https:\/\/www.enviroscop.fr\/actu\/nos-metiers\/nos-prestations\/","url_meta":{"origin":543,"position":1},"title":"Nos prestations","author":"Enviroscop","date":"29 mars 2013","format":false,"excerpt":"L'ensemble de nos activit\u00e9s s'articule autour de cinq grands domaines interactifs : \u00c9valuation\u00a0environnementale\u00a0des projets, plans et programmes Int\u00e9gration environnementale Perspectives et territoires Bases de donn\u00e9es et Cartographie\u00a0g\u00e9or\u00e9f\u00e9renc\u00e9e des probl\u00e9matiques environnementales Concertation Nous assurons des formations (grand public, \u00e9lus, professionnels) sur ces diff\u00e9rents th\u00e8mes.","rel":"","context":"Article similaire","block_context":{"text":"Article similaire","link":""},"img":{"alt_text":"","src":"https:\/\/i0.wp.com\/www.enviroscop.fr\/mediapool\/57\/575115\/resources\/27852970.png?resize=350%2C200","width":350,"height":200},"classes":[]},{"id":574,"url":"https:\/\/www.enviroscop.fr\/actu\/nos-metiers\/nos-prestations\/perspectives-et-territoires\/","url_meta":{"origin":543,"position":2},"title":"Perspectives et territoires","author":"Enviroscop","date":"29 mars 2013","format":false,"excerpt":"Faire progresser vertueusement les territoires pour int\u00e9grer une optique de d\u00e9veloppement durable est une d\u00e9marche qui n\u00e9cessite p\u00e9dagogie et connaissance de ses propres atouts et faiblesses. Pour ce faire, nous vous accompagnons dans vos : D\u00e9marche de projet : Diagnostic \/ Enjeux partag\u00e9s \/ Objectifs \/ Plan d\u2019actions \/ Suivi\u2026","rel":"","context":"Article similaire","block_context":{"text":"Article similaire","link":""},"img":{"alt_text":"","src":"https:\/\/i0.wp.com\/www.enviroscop.fr\/mediapool\/57\/575115\/resources\/big_27853460_0_275-150.png?resize=350%2C200","width":350,"height":200},"classes":[]},{"id":580,"url":"https:\/\/www.enviroscop.fr\/actu\/nos-metiers\/nos-prestations\/concertation\/","url_meta":{"origin":543,"position":3},"title":"Concertation","author":"Enviroscop","date":"29 mars 2013","format":false,"excerpt":"L'objectif de la concertation environnementale n'est\u00a0pas d'apporter un b\u00e9n\u00e9fice \u00e0 une personne en particulier, le porteur de projet. Il s'agit de faire \u00e9voluer et d'enrichir le projet pour accompagner son acceptation locale. Diff\u00e9rents \"outils\" sont disponibles et ma\u00eetris\u00e9s par notre bureau d'\u00e9tudes : Facilitation, concertation, recherche du consensus Animations de\u2026","rel":"","context":"Article similaire","block_context":{"text":"Article similaire","link":""},"img":{"alt_text":"","src":"https:\/\/i0.wp.com\/www.enviroscop.fr\/mediapool\/57\/575115\/resources\/big_27853293_0_275-150.png?resize=350%2C200","width":350,"height":200},"classes":[]},{"id":545,"url":"https:\/\/www.enviroscop.fr\/actu\/nos-metiers\/nos-thematiques\/","url_meta":{"origin":543,"position":4},"title":"Nos th\u00e9matiques","author":"Enviroscop","date":"29 mars 2013","format":false,"excerpt":"Nous abordons, notamment au travers de l\u2019\u00e9valuation environnementale, tous les champs de l\u2019environnement et du d\u00e9veloppement durable : Cadre de vie, paysage, patrimoines, urbanisme Biodiversit\u00e9, milieux naturels, trames verte et bleue Ressources naturelles : granulats et roches massives, eau, air, gestion \u00e9conome des sols, \u00e9nergies renouvelables Eau & sols :\u2026","rel":"","context":"Article similaire","block_context":{"text":"Article similaire","link":""},"img":{"alt_text":"","src":"https:\/\/i0.wp.com\/www.enviroscop.fr\/mediapool\/57\/575115\/resources\/27879576.png?resize=350%2C200","width":350,"height":200},"classes":[]},{"id":558,"url":"https:\/\/www.enviroscop.fr\/actu\/nos-metiers\/nos-prestations\/evaluation-environnementale\/","url_meta":{"origin":543,"position":5},"title":"Evaluation environnementale","author":"Enviroscop","date":"29 mars 2013","format":false,"excerpt":"V\u00e9ritable c\u0153ur de notre m\u00e9tier, nous vous accompagnons dans cette d\u00e9marche continue et it\u00e9rative. Elle vous permettra d\u2019analyser les effets sur l\u2019environnement d\u2019un projet, plan ou programme et de pr\u00e9venir ses cons\u00e9quences dommageables sur l\u2019environnement. Nous travaillons sur divers types d'\u00e9valuation, \u00e0 savoir : Etude d\u2019impacts \/ d'incidence : \u00e9olien,\u2026","rel":"","context":"Article similaire","block_context":{"text":"Article similaire","link":""},"img":{"alt_text":"","src":"https:\/\/i0.wp.com\/www.enviroscop.fr\/mediapool\/57\/575115\/resources\/big_27853044_0_275-150.png?resize=350%2C200","width":350,"height":200},"classes":[]}],"jetpack_sharing_enabled":true,"_links":{"self":[{"href":"https:\/\/www.enviroscop.fr\/actu\/wp-json\/wp\/v2\/pages\/543","targetHints":{"allow":["GET"]}}],"collection":[{"href":"https:\/\/www.enviroscop.fr\/actu\/wp-json\/wp\/v2\/pages"}],"about":[{"href":"https:\/\/www.enviroscop.fr\/actu\/wp-json\/wp\/v2\/types\/page"}],"author":[{"embeddable":true,"href":"https:\/\/www.enviroscop.fr\/actu\/wp-json\/wp\/v2\/users\/1"}],"replies":[{"embeddable":true,"href":"https:\/\/www.enviroscop.fr\/actu\/wp-json\/wp\/v2\/comments?post=543"}],"version-history":[{"count":3,"href":"https:\/\/www.enviroscop.fr\/actu\/wp-json\/wp\/v2\/pages\/543\/revisions"}],"predecessor-version":[{"id":5717,"href":"https:\/\/www.enviroscop.fr\/actu\/wp-json\/wp\/v2\/pages\/543\/revisions\/5717"}],"wp:attachment":[{"href":"https:\/\/www.enviroscop.fr\/actu\/wp-json\/wp\/v2\/media?parent=543"}],"curies":[{"name":"wp","href":"https:\/\/api.w.org\/{rel}","templated":true}]}}